{"id":3,"date":"2025-02-25T11:18:46","date_gmt":"2025-02-25T11:18:46","guid":{"rendered":"https:\/\/cristinalongo.it\/?page_id=3"},"modified":"2025-07-29T09:48:39","modified_gmt":"2025-07-29T09:48:39","slug":"privacy-policy","status":"publish","type":"page","link":"https:\/\/cristinalongo.it\/?page_id=3","title":{"rendered":"Cristinalongo.it &#8211; Privacy Policy"},"content":{"rendered":"\t\t<div data-elementor-type=\"wp-page\" data-elementor-id=\"3\" class=\"elementor elementor-3\">\n\t\t\t\t<div class=\"elementor-element elementor-element-7448ce8b e-flex e-con-boxed e-con e-parent\" data-id=\"7448ce8b\" data-element_type=\"container\" data-e-type=\"container\">\n\t\t\t\t\t<div class=\"e-con-inner\">\n\t\t\t\t<div class=\"elementor-element elementor-element-5fe11f4b elementor-widget elementor-widget-text-editor\" data-id=\"5fe11f4b\" data-element_type=\"widget\" data-e-type=\"widget\" data-widget_type=\"text-editor.default\">\n\t\t\t\t<div class=\"elementor-widget-container\">\n\t\t\t\t\t\t\t\t\t\n<p class=\"wp-block-paragraph\">PANORAMICA PRIVACY<\/p>\n\n<p class=\"wp-block-paragraph\"><strong><em>Ai sensi dell\u2019articolo 13 del Regolamento Europeo (GDPR 679\/2016 di seguito il \u201cRegolamento\u201d)<\/em><\/strong><\/p>\n\n<p class=\"wp-block-paragraph\">In relazione ai dati personali di cui lo Studio entrer\u00e0 in possesso, la informiamo di quanto segue:<\/p>\n\n<p class=\"wp-block-paragraph\"><strong><a href=\"http:\/\/cristinalongo.it\/\" target=\"_blank\" rel=\"noreferrer noopener\">CRISTINALONGO.IT<\/a><\/strong> di Cristina Longo &#8211; Via Armellini, 17 &#8211; 75023 Montalbano Jonico (MT) &#8211; P. IVA n. 01437580770, indirizzo e-mail, <a href=\"mailto:longocristina36@gmail.com\" target=\"_blank\" rel=\"noreferrer noopener\">longocristina36@gmail.com<\/a>\u00a0di seguito \u201c<a href=\"http:\/\/cristinalongo.it\/\" target=\"_blank\" rel=\"noreferrer noopener\">cristinalongo.it<\/a>\u201d, \u00e8 il Titolare del trattamento dei dati qualificati come personali dal Codice e dal Regolamento, di cui lo Studio entra in possesso limitatamente alle operazioni eseguite sul presente Sito internet (<a href=\"http:\/\/cristinalongo.it\/\" target=\"_blank\" rel=\"noreferrer noopener\">cristinalongo.it<\/a>).<\/p>\n\n<p class=\"wp-block-paragraph\">Con l\u2019espressione \u201cdato personale\u201d si intende qualunque informazione relativa ad una persona fisica, identificata o identificabile, direttamente o indirettamente, ad esempio attraverso un identificativo come il nome, un numero di identificazione, dati relativi all\u2019ubicazione, un identificativo on-line o a uno o pi\u00f9 elementi caratteristici della sua identit\u00e0 fisica, fisiologica, genetica, psichica, economica, culturale o sociale (art. 4 Regolamento).<\/p>\n\n<p class=\"wp-block-paragraph\"><strong><a href=\"http:\/\/cristinalongo.it\/\" target=\"_blank\" rel=\"noreferrer noopener\">CRISTINALONGO.IT<\/a><\/strong>\u00a0pu\u00f2 modificare, integrare o aggiornare periodicamente la presente Informativa, anche in considerazione di eventuali modifiche della normativa applicabile o di provvedimenti del Garante per la Protezione dei Dati Personali. Le modifiche e gli aggiornamenti dell\u2019Informativa saranno applicati e portati a conoscenza dei soggetti interessati non appena adottati mediante link alla Privacy Policy nel footer del Sito. Conseguentemente, ogni utente interessato \u00e8 invitato ad accedere con regolarit\u00e0 al Sito per verificare l\u2019Informativa aggiornata.<\/p>\n\n<p class=\"wp-block-paragraph\">La presente informativa \u00e8 destinata a tutti coloro che utilizzano i servizi web di<strong>\u00a0<a href=\"http:\/\/cristinalongo.it\/\" target=\"_blank\" rel=\"noreferrer noopener\">CRISTINALONGO.IT<\/a><\/strong>, accessibili dal Sito ed \u00e8 relativa a tutti i dati personali che\u00a0<strong><a href=\"http:\/\/cristinalongo.it\/\" target=\"_blank\" rel=\"noreferrer noopener\">CRISTINALONGO.IT<\/a><\/strong>\u00a0raccoglie e detiene sui suoi utenti, mentre non si applica ai dati raccolti da altri siti web eventualmente consultati dall\u2019utente tramite link a pagine esterne di terzi.<\/p>\n\n<p class=\"wp-block-paragraph\">Pertanto, nel pieno rispetto dei principi di correttezza, liceit\u00e0, limitazione delle finalit\u00e0 e della conservazione, minimizzazione dei dati, esattezza, integrit\u00e0 e trasparenza\u00a0<strong><a href=\"http:\/\/cristinalongo.it\/\" target=\"_blank\" rel=\"noreferrer noopener\">CRISTINALONGO.IT<\/a>\u00a0<\/strong>fornisce le seguenti informazioni.<\/p>\n\n<p class=\"wp-block-paragraph\">1.\u00a0\u00a0\u00a0\u00a0\u00a0<strong>Tipologia di dati trattati<\/strong><\/p>\n\n<p class=\"wp-block-paragraph\"><strong><a href=\"http:\/\/cristinalongo.it\/\" target=\"_blank\" rel=\"noreferrer noopener\">CRISTINALONGO.IT<\/a><\/strong>\u00a0tratta i Suoi dati personali identificativi (tra cui nome, cognome, ragione sociale, indirizzo, numero di telefono, indirizzo email, coordinate bancarie). Oltre ai dati anagrafici e fiCleanlineli,\u00a0<strong><a href=\"http:\/\/cristinalongo.it\/\" target=\"_blank\" rel=\"noreferrer noopener\">CRISTINALONGO.IT<\/a>,<\/strong>\u00a0per la instaurazione del rapporto contrattuale eo la sua esecuzione, potrebbe trattare e\/o acquisire alcune categorie particolari di dati.<\/p>\n\n<p class=\"wp-block-paragraph\">I dati saranno trattati nel rispetto dei principi di limitazione delle finalit\u00e0, minimizzazione dei dati, esattezza, limitazione della conservazione, pertinenza, non eccedenza e tutela della riservatezza.<\/p>\n\n<p class=\"wp-block-paragraph\">1.\u00a0\u00a0\u00a0\u00a0\u00a0<strong>Finalit\u00e0 del trattamento<\/strong><\/p>\n\n<p class=\"wp-block-paragraph\">I Suoi dati saranno trattati unicamente per la corretta e completa esecuzione degli adempimenti correlati all\u2019incarico professionale ricevuto, a titolo esemplificativo: a) adempimenti legati agli aspetti contrattuali e conseguenti obblighi legali, fiscali e contabili; b) adempimenti amministrativi e contabili gestiti attraverso il Sito per una pi\u00f9 efficace fornitura del servizio; c) newsletter informative.<\/p>\n\n<p class=\"wp-block-paragraph\">Il conferimento dei dati per le finalit\u00e0 sopra descritte ai punti a) e b), \u00e8 necessario per consentire l\u2019esecuzione del servizio richiesto e\/o per l\u2019instaurazione e l\u2019esecuzione del rapporto contrattuale; \u00e8 pertanto obbligatorio ed il rifiuto a prestare il relativo consenso al Trattamento rende impossibile eseguire i servizi richiesti.<\/p>\n\n<p class=\"wp-block-paragraph\">Il conferimento dei dati per la ricezione di newsletter \u00e8 invece del tutto facoltativo. Lei potr\u00e0 in ogni momento modificare il suo consenso commerciale anche successivamente alla instaurazione del rapporto contrattuale.<\/p>\n\n<p class=\"wp-block-paragraph\">I Suoi dati non sono soggetti a trattamenti automatizzati.<\/p>\n\n<p class=\"wp-block-paragraph\">1.\u00a0\u00a0\u00a0\u00a0\u00a0<strong>Origine dei dati personali.<\/strong><\/p>\n\n<p class=\"wp-block-paragraph\">I dati personali trattati da\u00a0<strong><a href=\"http:\/\/cristinalongo.it\/\" target=\"_blank\" rel=\"noreferrer noopener\">CRISTINALONGO.IT<\/a><\/strong>\u00a0sono dati raccolti in quanto forniti direttamente dall\u2019Interessato.<\/p>\n\n<p class=\"wp-block-paragraph\">I dati forniti direttamente dall\u2019interessato sono tutti i dati personali inseriti nel Sito (per mettersi in contatto con lo Studio, per la gestione documentale attraverso l\u2019Area riservata o per qualsiasi altra ragione) o che comunque siano forniti a\u00a0<strong><a href=\"http:\/\/cristinalongo.it\/\" target=\"_blank\" rel=\"noreferrer noopener\">CRISTINALONGO.IT<\/a><\/strong>\u00a0con qualsiasi modalit\u00e0.<\/p>\n\n<p class=\"wp-block-paragraph\">1.\u00a0\u00a0\u00a0\u00a0\u00a0<strong>Modalit\u00e0 di trattamento<\/strong><\/p>\n\n<p class=\"wp-block-paragraph\">Il trattamento dei dati personali \u00e8 realizzato per mezzo delle operazioni indicate all\u2019art. 4 Codice Privacy e all\u2019art. 4 n. 2) Regolamento e precisamente: raccolta, registrazione, organizzazione, archiviazione, consultazione, elaborazione, modificazione, selezione, estrazione, raffronto, utilizzo, interconnessione, limitazione, comunicazione, cancellazione e distruzione dei dati.<\/p>\n\n<p class=\"wp-block-paragraph\">I dati sono soggetti a trattamento sia cartaceo che elettronico che misto.<\/p>\n\n<p class=\"wp-block-paragraph\">1.\u00a0\u00a0\u00a0\u00a0\u00a0<strong>Conservazione dei Dati Personali<\/strong><\/p>\n\n<p class=\"wp-block-paragraph\">Il Titolare tratter\u00e0 i dati per il tempo strettamente necessario per l\u2019elaborazione della richiesta effettuata mediante il sito web e per l\u2019espletamento di obblighi di legge o per finalit\u00e0 amministrative e contabili. Successivamente, ai soli fini dell\u2019archiviazione, i dati saranno conservati per il termine di 10 anni (termine ordinario di prescrizione a norma di legge).<\/p>\n\n<p class=\"wp-block-paragraph\">Il Titolare tratter\u00e0 i dati raccolti per la finalit\u00e0 del punto 2 c) relativa alla ricezione di newsletter informative per 5 anni dalla raccolta, ferma la possibilit\u00e0 per l\u2019Utente di modificare e\/o revocare la propria volont\u00e0 in qualsiasi momento.<\/p>\n\n<p class=\"wp-block-paragraph\">1.\u00a0\u00a0\u00a0\u00a0\u00a0<strong>Revoca del consenso al trattamento dei dati personali.<\/strong><\/p>\n\n<p class=\"wp-block-paragraph\">I dati personali trattati da parte del Titolare sono necessari al perseguimento delle finalit\u00e0 descritte al punto 2, a) e b). \u00c8 suo diritto revocare in qualsiasi momento il consenso senza pregiudicare la liceit\u00e0 del trattamento basata sul consenso prestato. In caso di revoca del consenso precedentemente manifestato o in caso di opposizione al trattamento dei dati personali (artt. 7 del Codice e 21 del Regolamento) il Titolare sar\u00e0 posto nell\u2019impossibilit\u00e0 sopravvenuta di portare avanti il rapporto contrattuale in essere e pertanto la revoca costituir\u00e0 causa di risoluzione del contratto in essere con effetto a partire dalla data di efficacia della revoca stessa.<\/p>\n\n<p class=\"wp-block-paragraph\">1.\u00a0\u00a0\u00a0\u00a0\u00a0<strong>Destinatari<\/strong><\/p>\n\n<p class=\"wp-block-paragraph\">I dati personali sono trattati da\u00a0<strong><a href=\"http:\/\/cristinalongo.it\/\" target=\"_blank\" rel=\"noreferrer noopener\">CRISTINALONGO.IT<\/a>\u00a0<\/strong>e potranno essere condivisi con soggetti terzi selezionati per affidabilit\u00e0 e competenza, in quanto ci\u00f2 sia necessario od opportuno al fine di svolgere le attivit\u00e0 dello Studio, anche strumentali o accessorie.I Suoi dati potranno essere resi accessibili per le finalit\u00e0 di cui all\u2019art. 2 alle seguenti categorie di soggetti:<\/p>\n\n<p class=\"wp-block-paragraph\">\u00b7\u00a0dipendenti e collaboratori dello Studio<strong>\u00a0<a href=\"http:\/\/cristinalongo.it\/\" target=\"_blank\" rel=\"noreferrer noopener\">CRISTINALONGO.IT<\/a>,\u00a0<\/strong>nella loro qualit\u00e0 di autorizzati al trattamento, nominati dal Titolare (tra cui anche amministratori e sindaci);<\/p>\n\n<p class=\"wp-block-paragraph\">\u00b7\u00a0societ\u00e0 clienti di\u00a0<strong><a href=\"http:\/\/cristinalongo.it\/\" target=\"_blank\" rel=\"noreferrer noopener\">CRISTINALONGO.IT<\/a><\/strong>, per i soli casi relativi a trattamenti eseguiti per fine di ricerca e selezione del personale;<\/p>\n\n<p class=\"wp-block-paragraph\">\u00b7\u00a0societ\u00e0 (e i loro titolari e dipendenti), con cui<strong>\u00a0<a href=\"http:\/\/cristinalongo.it\/\" target=\"_blank\" rel=\"noreferrer noopener\">CRISTINALONGO.IT<\/a><\/strong>\u00a0ha sottoscritto un contratto di servizi, che svolgono attivit\u00e0 in\u00a0<em>outsourcing\u00a0<\/em>per conto del Titolare (a titolo indicativo, attivit\u00e0 di gestione della contabilit\u00e0), nella loro qualit\u00e0 di responsabili esterni del trattamento;<\/p>\n\n<p class=\"wp-block-paragraph\">\u00b7\u00a0societ\u00e0 terze o altri soggetti (a titolo indicativo, societ\u00e0 che forniscono prestazioni informatiche e di gestione dei software) che svolgono attivit\u00e0 in outsourcing per conto del Titolare, nella loro qualit\u00e0 di responsabili esterni del trattamento.<\/p>\n\n<p class=\"wp-block-paragraph\">Inoltre, i Vostri dati potranno essere comunicati a:<\/p>\n\n<p class=\"wp-block-paragraph\">\u00b7\u00a0Organismi di vigilanza (quali IVASS),<\/p>\n\n<p class=\"wp-block-paragraph\">\u00b7\u00a0Autorit\u00e0 giudiziarie,<\/p>\n\n<p class=\"wp-block-paragraph\">\u00b7\u00a0Autorit\u00e0 pubbliche,<\/p>\n\n<p class=\"wp-block-paragraph\">\u00b7\u00a0tutti i soggetti ai quali la comunicazione sia obbligatoria per legge per l\u2019espletamento delle finalit\u00e0 di cui al punto 2. Detti soggetti tratteranno i dati nella loro qualit\u00e0 di autonomi titolari del trattamento.<\/p>\n\n<p class=\"wp-block-paragraph\">I Suoi dati non saranno diffusi.<\/p>\n\n<p class=\"wp-block-paragraph\">1.\u00a0\u00a0\u00a0\u00a0\u00a0<strong>Trasferimento dati<\/strong><\/p>\n\n<p class=\"wp-block-paragraph\">I Vostri dati personali sono conservati su dispositivi informatici, ubicati presso la sede di\u00a0<strong><a href=\"http:\/\/cristinalongo.it\/\" target=\"_blank\" rel=\"noreferrer noopener\">CRISTINALONGO.IT<\/a><\/strong> \u00a0e sui server della Netsons.com Network | CF\/P.IVA 01838660684 | Tel +39 085 4510052 | Fax +39 085 9112033 che ospitano il sito\u00a0<strong><a href=\"http:\/\/cristinalongo.it\/\" target=\"_blank\" rel=\"noreferrer noopener\">CRISTINALONGO.IT<\/a>,<\/strong>\u00a0all\u2019interno dell\u2019Unione Europea.<\/p>\n\n<p class=\"wp-block-paragraph\">1.\u00a0\u00a0\u00a0\u00a0\u00a0<strong>Esercizio dei diritti da parte dell\u2019interessato<\/strong><\/p>\n\n<p class=\"wp-block-paragraph\">In ogni momento l\u2019interessato potr\u00e0 esercitare i propri diritti nei confronti dei Titolari del trattamento. Ai sensi dell\u2019art.7 del D.lgs.196\/2003 e degli artt. 15 ss del Reg. UE 2016\/679 l\u2019Interessato ha diritto di: a) ottenere la conferma dell\u2019esistenza o meno di dati personali che lo riguardano, anche se non ancora registrati, e la loro comunicazione in forma intelligibile; b) ottenere l\u2019indicazione dell\u2019origine dei dati personali, delle finalit\u00e0 e modalit\u00e0 del trattamento, della logica applicata in caso di trattamento effettuato con l\u2019ausilio di strumenti elettronici, degli estremi identificativi del titolare e dei responsabili, dei soggetti o delle categorie di soggetti ai quali i dati personali possono essere comunicati in qualit\u00e0 di incaricati; c) ottenere l\u2019aggiornamento, la rettifica ovvero, quando vi ha interesse, l\u2019integrazione dei dati; d) ottenere la cancellazione dei dati nei casi previsti dall\u2019art. 17 Reg. Ue 2016\/679, la trasformazione in forma anonima o il blocco dei dati trattati in violazione di legge, compresi quelli di cui non \u00e8 necessaria la conservazione in relazione agli scopi per i quali i dati sono stati raccolti o successivamente trattati; e) ottenere la limitazione del trattamento nei casi previsti dall\u2019art. 18 Reg. Ue 2016\/679; f) ricevere in formato strutturato, di uso comune e leggibile da dispositivo automatico, i dati personali che lo riguardano ed il diritto di trasmetterli ad un altro Titolare; g) opporsi, in tutto o in parte per motivi connessi alla sua situazione particolare, al trattamento dei dati personali che lo riguardano, ancorch\u00e9 pertinenti allo scopo della raccolta; h) opporsi al trattamento di dati personali che lo riguardano a fini di marketing diretto, di invio di materiale pubblicitario o di vendita diretta o per il compimento di ricerche di mercato o di comunicazione commerciale; i) proporre reclamo all\u2019Autorit\u00e0 Garante per la Protezione dei dati Personali.<\/p>\n\n<p class=\"wp-block-paragraph\">L\u2019esercizio dei diritti non \u00e8 soggetto ad alcun vincolo di forma ed \u00e8 gratuito.<\/p>\n\n<p class=\"wp-block-paragraph\">1.\u00a0\u00a0\u00a0\u00a0\u00a0<strong>Modalit\u00e0 di esercizio dei diritti<\/strong><\/p>\n\n<p class=\"wp-block-paragraph\">Per esercitare i Vostri diritti potrete rivolgervi direttamente al Titolare, inviando: una lettera raccomandata con ricevuta di ritorno a\u00a0<strong><a href=\"http:\/\/cristinalongo.it\/\" target=\"_blank\" rel=\"noreferrer noopener\">CRISTINALONGO.IT<\/a><\/strong> &#8211; Cristina Longo &#8211; Via Armellini, 17 &#8211; 75023 Montalbano Jonico (MT) &#8211; P. IVA n. 01437580770, o, in alternativa, una e-mail all\u2019indirizzo <a href=\"mailto:longocristina36@gmail.com\" target=\"_blank\" rel=\"noreferrer noopener\">longocristina36@gmail.com<\/a><\/p>\n\t\t\t\t\t\t\t\t<\/div>\n\t\t\t\t<\/div>\n\t\t\t\t\t<\/div>\n\t\t\t\t<\/div>\n\t\t\t\t<\/div>\n\t\t","protected":false},"excerpt":{"rendered":"<p>PANORAMICA PRIVACY Ai sensi dell\u2019articolo 13 del Regolamento Europeo (GDPR 679\/2016 di seguito il \u201cRegolamento\u201d) In relazione ai dati personali di cui lo Studio entrer\u00e0 in possesso, la informiamo di quanto segue: CRISTINALONGO.IT di Cristina Longo &#8211; Via Armellini, 17 &#8211; 75023 Montalbano Jonico (MT) &#8211; P. IVA n. 01437580770, indirizzo e-mail, longocristina36@gmail.com\u00a0di seguito \u201ccristinalongo.it\u201d, [&hellip;]<\/p>\n","protected":false},"author":1,"featured_media":0,"parent":0,"menu_order":0,"comment_status":"closed","ping_status":"closed","template":"","meta":{"footnotes":""},"class_list":["post-3","page","type-page","status-publish","hentry"],"_links":{"self":[{"href":"https:\/\/cristinalongo.it\/index.php?rest_route=\/wp\/v2\/pages\/3","targetHints":{"allow":["GET"]}}],"collection":[{"href":"https:\/\/cristinalongo.it\/index.php?rest_route=\/wp\/v2\/pages"}],"about":[{"href":"https:\/\/cristinalongo.it\/index.php?rest_route=\/wp\/v2\/types\/page"}],"author":[{"embeddable":true,"href":"https:\/\/cristinalongo.it\/index.php?rest_route=\/wp\/v2\/users\/1"}],"replies":[{"embeddable":true,"href":"https:\/\/cristinalongo.it\/index.php?rest_route=%2Fwp%2Fv2%2Fcomments&post=3"}],"version-history":[{"count":11,"href":"https:\/\/cristinalongo.it\/index.php?rest_route=\/wp\/v2\/pages\/3\/revisions"}],"predecessor-version":[{"id":13658,"href":"https:\/\/cristinalongo.it\/index.php?rest_route=\/wp\/v2\/pages\/3\/revisions\/13658"}],"wp:attachment":[{"href":"https:\/\/cristinalongo.it\/index.php?rest_route=%2Fwp%2Fv2%2Fmedia&parent=3"}],"curies":[{"name":"wp","href":"https:\/\/api.w.org\/{rel}","templated":true}]}}